{"id":692,"date":"2017-01-18T09:47:33","date_gmt":"2017-01-18T09:47:33","guid":{"rendered":"http:\/\/gt3demo.com\/wp\/wizelaw\/?page_id=692"},"modified":"2021-08-13T15:39:43","modified_gmt":"2021-08-13T15:39:43","slug":"kurumsal","status":"publish","type":"page","link":"https:\/\/dikbashukuk.com\/?page_id=692","title":{"rendered":"Kurumsal"},"content":{"rendered":"[vc_row css=&#8221;.vc_custom_1484897435098{padding-top: 31px !important;padding-bottom: 84px !important;}&#8221;][vc_column css_animation=&#8221;fadeInLeft&#8221; width=&#8221;1\/2&#8243; css=&#8221;.vc_custom_1596794852584{padding-top: 0px !important;padding-right: 45px !important;}&#8221;][vc_empty_space height=&#8221;24px&#8221;][gt3_custom_text text_color=&#8221;#3f4953&#8243; font_size=&#8221;36&#8243; line_height=&#8221;160&#8243; use_theme_fonts=&#8221;&#8221; google_fonts_text=&#8221;font_family:Roboto%3A100%2C100italic%2C300%2C300italic%2Cregular%2Citalic%2C500%2C500italic%2C700%2C700italic%2C900%2C900italic|font_style:100%20light%20regular%3A100%3Anormal&#8221;]\n<h1 style=\"text-align: left;\">Kurumsal<\/h1>\n[\/gt3_custom_text][vc_empty_space height=&#8221;15px&#8221;][vc_column_text el_class=&#8221;justify&#8221;]Dikba\u015f Hukuk B\u00fcrosu, m\u00fcvekkillerine her alanda hukuki dan\u0131\u015fmanl\u0131k hizmeti vermektedir. M\u00fcvekkilimiz olan \u015firket, kurum ve \u015fah\u0131slar\u0131n maruz kalaca\u011f\u0131 hukuki sorunlar, uzman avukatlar\u0131m\u0131zca yap\u0131lacak bir \u00f6n inceleme neticesinde, hukuka uygun olarak gerekli i\u015flemlerin yap\u0131lmas\u0131 suretiyle sa\u011fl\u0131kl\u0131 bir s\u00fcre\u00e7 i\u00e7erisinde \u00e7\u00f6z\u00fcme ula\u015ft\u0131r\u0131lmaktad\u0131r. Dikba\u015f Hukuk, m\u00fcvekkillerinin ihtiya\u00e7lar\u0131n\u0131 en \u00fcst d\u00fczeyde kar\u015f\u0131lamaya y\u00f6nelik h\u0131zl\u0131, amaca uygun ve \u00e7\u00f6z\u00fcm odakl\u0131 hukuki dan\u0131\u015fmanl\u0131k hizmeti vermektedir.<\/p>\n<p>Hukuki dan\u0131\u015fmanl\u0131k hizmeti \u00e7er\u00e7evesinde b\u00fcromuz, m\u00fcvekkillerinin kar\u015f\u0131la\u015facaklar\u0131 hukuki soru ve sorunlar\u0131n\u0131 anl\u0131k veya uzun vadede \u00e7\u00f6zmek i\u00e7in alan\u0131nda uzman ve deneyimli avukatlarla \u00e7al\u0131\u015fmaktad\u0131r. \u0130\u015f d\u00fcnyas\u0131 ve toplumun geli\u015fen dinamiklerine uygun \u00e7\u00f6z\u00fcm modelleri sunarak m\u00fcvekkillerimizin kar\u015f\u0131la\u015ft\u0131\u011f\u0131 hukuki sorunlara g\u00fcncel ve etkili \u00e7\u00f6z\u00fcmler sunulmaktad\u0131r.<\/p>\n<p>Bu a\u00e7\u0131dan b\u00fcromuz, bireysel ve kurumsal anlamda \u015firketlerin kar\u015f\u0131la\u015ft\u0131klar\u0131 hukuki sorun ve ihtilaflar\u0131n \u00e7\u00f6z\u00fcm\u00fcnde, a\u00e7\u0131lm\u0131\u015f ve a\u00e7\u0131lacak her t\u00fcrl\u00fc davan\u0131n deneyimli avukatlar\u0131m\u0131zca takibi ve temsili ile hukuki yard\u0131mda bulunmay\u0131, b\u00f6ylelikle m\u00fcvekkillerini en iyi \u015fekilde temsil etmeyi ama\u00e7lamaktad\u0131r.[\/vc_column_text][\/vc_column][vc_column width=&#8221;1\/2&#8243; css=&#8221;.vc_custom_1484650717009{padding-top: 20px !important;}&#8221;][vc_single_image image=&#8221;1803&#8243; img_size=&#8221;full&#8221; css_animation=&#8221;fadeInRight&#8221;][\/vc_column][\/vc_row][vc_row css=&#8221;.vc_custom_1484897435098{padding-top: 31px !important;padding-bottom: 84px !important;}&#8221;][vc_column width=&#8221;1\/2&#8243; css=&#8221;.vc_custom_1484650717009{padding-top: 20px !important;}&#8221;][vc_single_image image=&#8221;1802&#8243; img_size=&#8221;full&#8221; css_animation=&#8221;fadeInRight&#8221;][\/vc_column][vc_column css_animation=&#8221;fadeInLeft&#8221; width=&#8221;1\/2&#8243; css=&#8221;.vc_custom_1596794837145{padding-top: 0px !important;padding-right: 45px !important;}&#8221;][vc_empty_space height=&#8221;24px&#8221;][gt3_custom_text text_color=&#8221;#3f4953&#8243; font_size=&#8221;36&#8243; line_height=&#8221;160&#8243; use_theme_fonts=&#8221;&#8221; google_fonts_text=&#8221;font_family:Roboto%3A100%2C100italic%2C300%2C300italic%2Cregular%2Citalic%2C500%2C500italic%2C700%2C700italic%2C900%2C900italic|font_style:100%20light%20regular%3A100%3Anormal&#8221;]\n<h3 class=\"fs6 sitesayfabaslik color-6\">Misyonumuz<\/h3>\n[\/gt3_custom_text][vc_empty_space height=&#8221;15px&#8221;][vc_column_text]<span>\u00dclkemizde hukuk hizmetini \u00e7a\u011fda\u015f, yenilik\u00e7i yakla\u015f\u0131mla ve uzmanl\u0131kla m\u00fcvekkillerimize sunmakt\u0131r.<\/span><\/p>\n<p><span>Bu ba\u011flamda hukuk b\u00fcromuz, m\u00fcvekkilleriyle kar\u015f\u0131l\u0131kl\u0131 g\u00fcven ili\u015fkisinin kurulmas\u0131yla birlikte, m\u00fcvekkillerin sorunlar\u0131yla ba\u015flang\u0131\u00e7tan sonuca ula\u015fana dek birebir ilgilenmeyi, s\u00fcrekli geli\u015fmeyi, kaliteyi, ekip \u00e7al\u0131\u015fmas\u0131n\u0131, profesyonel y\u00f6netim anlay\u0131\u015f\u0131n\u0131, detayl\u0131 \u00e7al\u0131\u015fmay\u0131, bilgilendirmeyi, teknoloji kullan\u0131m\u0131 ve payla\u015f\u0131m\u0131 esas alan bir anlay\u0131\u015fla sekt\u00f6r\u00fcnde lider bir hukuk b\u00fcrosu olmay\u0131 kendine ama\u00e7 edinmi\u015ftir.<\/span>[\/vc_column_text][\/vc_column][\/vc_row][vc_row css=&#8221;.vc_custom_1484897435098{padding-top: 31px !important;padding-bottom: 84px !important;}&#8221;][vc_column css_animation=&#8221;fadeInLeft&#8221; width=&#8221;1\/2&#8243; css=&#8221;.vc_custom_1596794827465{padding-top: 0px !important;padding-right: 45px !important;}&#8221;][vc_empty_space height=&#8221;24px&#8221;][gt3_custom_text text_color=&#8221;#3f4953&#8243; font_size=&#8221;36&#8243; line_height=&#8221;160&#8243; use_theme_fonts=&#8221;&#8221; google_fonts_text=&#8221;font_family:Roboto%3A100%2C100italic%2C300%2C300italic%2Cregular%2Citalic%2C500%2C500italic%2C700%2C700italic%2C900%2C900italic|font_style:100%20light%20regular%3A100%3Anormal&#8221;]\n<h1 class=\"fs6 sitesayfabaslik color-6\">Vizyonumuz<\/h1>\n[\/gt3_custom_text][vc_empty_space height=&#8221;15px&#8221;][vc_column_text]<span>Avukat\u0131n ba\u011f\u0131ms\u0131z ve \u00f6zg\u00fcr olmas\u0131 gerekti\u011fi konusunda s\u00f6ylenmi\u015f en g\u00fczel s\u00f6z&nbsp;<\/span><span><em>Molierac<\/em>\u2019a aittir. \u015e\u00f6yle diyor&nbsp;<em>Molierac<\/em>: \u201c<em>G\u00f6revimizi yaparken kimseye, ne m\u00fcvekkile, ne yarg\u0131ca ve ne de iktidara tabiiz. Bizim a\u015fa\u011f\u0131m\u0131zda ki\u015filerin varl\u0131\u011f\u0131 iddias\u0131nda de\u011filiz. Fakat hi\u00e7bir hiyerar\u015fik \u00fcst de tan\u0131m\u0131yoruz. En k\u0131demsizin, en k\u0131demliden veya isim yapm\u0131\u015f olandan fark\u0131 yoktur. Avukatlar esir kullanmad\u0131lar, fakat efendileri de olmad\u0131.<\/em>\u201d&nbsp;<\/span><br \/>\n<span>D\u00fcnya standartlar\u0131nda hizmet veren bir hukuk b\u00fcrosu olmakt\u0131r.<\/span><\/p>\n<p>\u00d6ncelikli hedefimiz; geli\u015ferek b\u00fcy\u00fcmek olup bu ba\u011flamda vizyonumuz da daima yenilenmektir. Bu hedeflerin birle\u015fimi noktas\u0131nda kurulan hukuk b\u00fcromuz gerek deneyim ve bilgi sahibi avukat kadrosu gerekse bu yolda kararl\u0131l\u0131kla y\u00fcr\u00fcmeyi hedef alan gen\u00e7 \u00e7al\u0131\u015fma arkada\u015flar\u0131m\u0131zla soruna \u00e7\u00f6z\u00fcm odakl\u0131 bir yakla\u015f\u0131m ve sistem getirerek hukuk camias\u0131ndaki fark\u0131n\u0131 ortaya koymaktad\u0131r.<\/p>\n<p>Bunlar\u0131n yan\u0131 s\u0131ra global d\u00fcnyan\u0131n ekonomik dar kal\u0131b\u0131na girmeyip bir ba\u015fka ger\u00e7ekli\u011fe de\u011fer yarg\u0131s\u0131 ortaya koyarak, vakaya salt ekonomik de\u011fil insan odakl\u0131 bakmaktad\u0131r.[\/vc_column_text][\/vc_column][vc_column width=&#8221;1\/2&#8243; css=&#8221;.vc_custom_1484650717009{padding-top: 20px !important;}&#8221;][vc_single_image image=&#8221;1804&#8243; img_size=&#8221;full&#8221; css_animation=&#8221;fadeInRight&#8221;][\/vc_column][\/vc_row][vc_row full_width=&#8221;stretch_row&#8221; css=&#8221;.vc_custom_1484736221373{padding-top: 55px !important;padding-bottom: 45px !important;}&#8221;][vc_column css_animation=&#8221;bottom-to-top&#8221; css=&#8221;.vc_custom_1489408072809{padding-top: 35px !important;}&#8221;][vc_row_inner][vc_column_inner width=&#8221;2\/3&#8243;][vc_empty_space height=&#8221;40px&#8221;][\/vc_column_inner][vc_column_inner width=&#8221;1\/3&#8243;][\/vc_column_inner][\/vc_row_inner][vc_row_inner][vc_column_inner width=&#8221;1\/3&#8243; css=&#8221;.vc_custom_1485247124865{padding-bottom: 30px !important;}&#8221;][vc_single_image image=&#8221;735&#8243; img_size=&#8221;full&#8221;][vc_empty_space height=&#8221;30px&#8221;][gt3_icon_box icon_type=&#8221;image&#8221; thumbnail=&#8221;868&#8243; icon_position=&#8221;inline_title&#8221; icon_size=&#8221;custom&#8221; custom_icon_size=&#8221;80&#8243; title_tag=&#8221;h2&#8243; iconbox_title_size=&#8221;24&#8243; iconbox_content_size=&#8221;16&#8243; title_color=&#8221;#27323d&#8221; text_color=&#8221;#909aa3&#8243; link_color=&#8221;#c24747&#8243; link_hover_color=&#8221;#27323d&#8221; new_tab=&#8221;&#8221; icon_circle=&#8221;&#8221; heading=&#8221;Kalite Politikalar\u0131m\u0131z&#8221; url=&#8221;#&#8221;][vc_column_text]\n<ul>\n<li>Verdi\u011fimiz hizmetlerde t\u00fcm yasal gereklilikleri yerine getirerek, m\u00fc\u015fterilerimizin hizmet ve kullan\u0131m\u0131na sunmak,<\/li>\n<li>Hizmet kalitesini s\u00fcrekli artt\u0131rarak; ulusal ve global alanda hizmet sunmak<\/li>\n<li>Kalite politikas\u0131 ve hedeflerinin t\u00fcm \u015firket b\u00fcnyesinde benimsenmesi i\u00e7in gerekli \u00e7al\u0131\u015fmalar\u0131 yaparak, \u00e7al\u0131\u015fan e\u011fitimlerini organize etmek,<\/li>\n<li>S\u00fcrekli iyile\u015ftirmeyi ofisimizin &nbsp;her alan\u0131nda en \u00f6nemli hedefi haline getirmek, en temel kalite politikam\u0131zd\u0131r.<\/li>\n<li>Y\u00fcr\u00fcrl\u00fckte olan yasalar \u00e7er\u00e7evesinde hareket etmek ve maksimum d\u00fczeyde duyarl\u0131 olmak,<\/li>\n<li>\u0130stihdam\u0131 artt\u0131rmak, insana yat\u0131r\u0131m yapmak, \u00e7al\u0131\u015fanlar\u0131m\u0131z\u0131 e\u011fitmek, i\u015f memnuniyetini sa\u011flamak ve motivasyonu artt\u0131rmak,<\/li>\n<li>Uluslararas\u0131 standartlara haiz bilgi donan\u0131m\u0131 ile hizmeti sa\u011flamak,<\/li>\n<li>Kurum k\u00fclt\u00fcr\u00fcn\u00fcn olu\u015fmas\u0131n\u0131 sa\u011flamak,<\/li>\n<li>Tak\u0131m \u00e7al\u0131\u015fmas\u0131na \u00f6nem vermek,<\/li>\n<\/ul>\n[\/vc_column_text][\/vc_column_inner][vc_column_inner width=&#8221;1\/3&#8243; css=&#8221;.vc_custom_1485247129321{padding-bottom: 30px !important;}&#8221;][vc_single_image image=&#8221;739&#8243; img_size=&#8221;full&#8221;][vc_empty_space height=&#8221;30px&#8221;][gt3_icon_box icon_type=&#8221;image&#8221; thumbnail=&#8221;869&#8243; icon_position=&#8221;inline_title&#8221; icon_size=&#8221;custom&#8221; custom_icon_size=&#8221;80&#8243; title_tag=&#8221;h2&#8243; iconbox_title_size=&#8221;24&#8243; iconbox_content_size=&#8221;16&#8243; title_color=&#8221;#27323d&#8221; text_color=&#8221;#909aa3&#8243; link_color=&#8221;#c24747&#8243; link_hover_color=&#8221;#27323d&#8221; new_tab=&#8221;&#8221; icon_circle=&#8221;&#8221; heading=&#8221;Sayg\u0131 ve Ba\u011fl\u0131l\u0131k&#8221; url=&#8221;#&#8221;][vc_column_text]\n<ul>\n<li>\u0130\u015fimizi en do\u011fru \u015fekilde, hakk\u0131yla ve g\u00f6n\u00fclden sahiplenerek yapar\u0131z.<\/li>\n<li>Net s\u00f6zler verir, verdi\u011fimiz s\u00f6zleri mutlaka yerine getiririz, sonu\u00e7lar\u0131n\u0131 bildiririz.<\/li>\n<li>Kendimizi ve \u00e7al\u0131\u015fma arkada\u015flar\u0131m\u0131z\u0131 devaml\u0131 geli\u015ftiririz.<\/li>\n<li>T\u00fcm ili\u015fkilerimizde d\u00fcr\u00fcst, \u015feffaf ve tutarl\u0131 davran\u0131r, bu sayede g\u00fcvene dayal\u0131 uzun vadeli ili\u015fkiler kurar\u0131z.<\/li>\n<\/ul>\n[\/vc_column_text][\/vc_column_inner][vc_column_inner width=&#8221;1\/3&#8243; css=&#8221;.vc_custom_1485247137969{padding-bottom: 30px !important;}&#8221;][vc_single_image image=&#8221;740&#8243; img_size=&#8221;full&#8221;][vc_empty_space height=&#8221;30px&#8221;][gt3_icon_box icon_type=&#8221;image&#8221; thumbnail=&#8221;870&#8243; icon_position=&#8221;inline_title&#8221; icon_size=&#8221;custom&#8221; custom_icon_size=&#8221;80&#8243; title_tag=&#8221;h2&#8243; iconbox_title_size=&#8221;24&#8243; iconbox_content_size=&#8221;16&#8243; title_color=&#8221;#27323d&#8221; text_color=&#8221;#909aa3&#8243; link_color=&#8221;#c24747&#8243; link_hover_color=&#8221;#27323d&#8221; new_tab=&#8221;&#8221; icon_circle=&#8221;&#8221; heading=&#8221;Liderlik&#8221; url=&#8221;#&#8221;][vc_column_text]\n<ul>\n<li>De\u011fi\u015fimi kucaklar\u0131z; de\u011fi\u015fimin en h\u0131zl\u0131 ve sorunsuz \u015fekilde hayata ge\u00e7mesi i\u00e7in kendimiz dahil herkesin \u00fczerine d\u00fc\u015feni yapmas\u0131 gerekti\u011fini biliriz.<\/li>\n<li>Hatalar\u0131m\u0131zdan \u00f6\u011frenebildi\u011fimiz ve hatalar\u0131m\u0131z\u0131 tekrarlamad\u0131\u011f\u0131m\u0131z s\u00fcrece inisiyatif kullan\u0131r\u0131z, kullanmay\u0131 te\u015fvik ederiz.<\/li>\n<li>Performans\u0131 objektif ve \u00f6l\u00e7\u00fclebilir kriterlere g\u00f6re tan\u0131mlar, adil ve tutarl\u0131 bir \u015fekilde de\u011ferlendiririz.<\/li>\n<li>\u0130yi yap\u0131lan bir i\u015fi mutlaka takdir ederiz; ayn\u0131 zamanda birbirimizi geli\u015ftirmeye y\u00f6nelik geribildirimlerde bulunuruz.<\/li>\n<li>Do\u011frulu\u011funa inand\u0131\u011f\u0131m\u0131z konular\u0131 rasyonel bir \u015fekilde sonuna kadar savunur, hayata ge\u00e7irmek i\u00e7in yap\u0131c\u0131 bir \u015fekilde \u00e7al\u0131\u015f\u0131r\u0131z.<\/li>\n<\/ul>\n[\/vc_column_text][\/vc_column_inner][\/vc_row_inner][\/vc_column][\/vc_row][vc_row full_width=&#8221;stretch_row_content&#8221; equal_height=&#8221;yes&#8221; content_placement=&#8221;middle&#8221; css=&#8221;.vc_custom_1484731748576{margin-bottom: -40px !important;}&#8221;][vc_column css_animation=&#8221;fadeInUp&#8221; width=&#8221;1\/2&#8243; css=&#8221;.vc_custom_1484664272677{padding-top: 95px !important;padding-right: 10% !important;padding-left: 10% !important;background-color: #255379 !important;}&#8221;][vc_row_inner][vc_column_inner width=&#8221;1\/4&#8243; offset=&#8221;vc_hidden-md vc_hidden-sm vc_hidden-xs&#8221;][\/vc_column_inner][vc_column_inner offset=&#8221;vc_col-lg-9 vc_col-md-12&#8243;][vc_column_text]\n<h2><span style=\"color: #ffffff;\">Hukuki Sorular\u0131n\u0131z\u0131 Dan\u0131\u015fabilirsiniz<\/span><\/h2>\n[\/vc_column_text][vc_empty_space height=&#8221;25px&#8221;][gt3_custom_text text_color=&#8221;#ffffff&#8221; font_size=&#8221;14&#8243;]\n<div class=\"gt3_custom_text\" data-color=\"#ffffff\"><span>A\u015fa\u011f\u0131daki ileti\u015fim formunu kullanarak bize ula\u015fabilir, mesai saatleri i\u00e7erisinde bizi arayabilir veya ziyaret edebilirsiniz\u2026<\/span><\/div>\n[\/gt3_custom_text][vc_empty_space height=&#8221;25px&#8221;]<div role=\"form\" class=\"wpcf7\" id=\"wpcf7-f309-o1\" lang=\"en-US\" dir=\"ltr\">\n<div class=\"screen-reader-response\" role=\"alert\" aria-live=\"polite\"><\/div>\n<form action=\"\/index.php?rest_route=%2Fwp%2Fv2%2Fpages%2F692#wpcf7-f309-o1\" method=\"post\" class=\"wpcf7-form init\" novalidate=\"novalidate\">\n<div style=\"display: none;\">\n<input type=\"hidden\" name=\"_wpcf7\" value=\"309\" \/>\n<input type=\"hidden\" name=\"_wpcf7_version\" value=\"5.2.1\" \/>\n<input type=\"hidden\" name=\"_wpcf7_locale\" value=\"en_US\" \/>\n<input type=\"hidden\" name=\"_wpcf7_unit_tag\" value=\"wpcf7-f309-o1\" \/>\n<input type=\"hidden\" name=\"_wpcf7_container_post\" value=\"0\" \/>\n<input type=\"hidden\" name=\"_wpcf7_posted_data_hash\" value=\"\" \/>\n<\/div>\n<div class=\"gt3-form_on-dark-bg\">\n<!-- class gt3-form_on-dark-bg needed for contact form on dark background --><br \/>\n<label><span class=\"wpcf7-form-control-wrap Name\"><input type=\"text\" name=\"Name\" value=\"\" size=\"40\" class=\"wpcf7-form-control wpcf7-text wpcf7-validates-as-required\" aria-required=\"true\" aria-invalid=\"false\" placeholder=\"Ad Soyad*\" \/><\/span><\/label><br \/>\n<label><span class=\"wpcf7-form-control-wrap tel-527\"><input type=\"tel\" name=\"tel-527\" value=\"\" size=\"40\" class=\"wpcf7-form-control wpcf7-text wpcf7-tel wpcf7-validates-as-required wpcf7-validates-as-tel\" aria-required=\"true\" aria-invalid=\"false\" placeholder=\"Telefon*\" \/><\/span><\/label><br \/>\n<label><span class=\"wpcf7-form-control-wrap your-email\"><input type=\"email\" name=\"your-email\" value=\"\" size=\"40\" class=\"wpcf7-form-control wpcf7-text wpcf7-email wpcf7-validates-as-required wpcf7-validates-as-email\" aria-required=\"true\" aria-invalid=\"false\" placeholder=\"E-Mail*\" \/><\/span><\/label><br \/>\n<label><span class=\"wpcf7-form-control-wrap text-366\"><input type=\"text\" name=\"text-366\" value=\"\" size=\"40\" class=\"wpcf7-form-control wpcf7-text\" aria-invalid=\"false\" placeholder=\"Konu\" \/><\/span><\/label><br \/>\n<label><span class=\"wpcf7-form-control-wrap your-message\"><textarea name=\"your-message\" cols=\"40\" rows=\"3\" class=\"wpcf7-form-control wpcf7-textarea\" aria-invalid=\"false\" placeholder=\"Mesaj\"><\/textarea><\/span><\/label><br \/>\n<label><input type=\"submit\" value=\"G\u00d6NDER\" class=\"wpcf7-form-control wpcf7-submit\" \/><\/label><\/div>\n<div class=\"wpcf7-response-output\" role=\"alert\" aria-hidden=\"true\"><\/div><\/form><\/div>[vc_empty_space height=&#8221;75px&#8221;][\/vc_column_inner][\/vc_row_inner][\/vc_column][vc_column css_animation=&#8221;fadeInDown&#8221; width=&#8221;1\/2&#8243; css=&#8221;.vc_custom_1521452693772{padding-top: 0px !important;padding-right: 10% !important;padding-bottom: 0px !important;padding-left: 10% !important;background-image: url(https:\/\/livewp.site\/wp\/md\/wizelaw\/wp-content\/uploads\/sites\/11\/2017\/01\/bg-2.jpg?id=359) !important;background-position: center !important;background-repeat: no-repeat !important;background-size: cover !important;}&#8221;][vc_row_inner][vc_column_inner offset=&#8221;vc_col-lg-10&#8243; css=&#8221;.vc_custom_1485420993449{padding-top: 50px !important;padding-bottom: 50px !important;}&#8221;][vc_empty_space height=&#8221;30px&#8221;][gt3_custom_text text_color=&#8221;#293642&#8243; font_size=&#8221;18&#8243; use_theme_fonts=&#8221;&#8221; google_fonts_text=&#8221;font_family:Roboto%3A100%2C100italic%2C300%2C300italic%2Cregular%2Citalic%2C500%2C500italic%2C700%2C700italic%2C900%2C900italic|font_style:300%20light%20regular%3A300%3Anormal&#8221;]\n<p style=\"text-align: center;\"><span>H\u0131zl\u0131 bir ileti\u015fim i\u00e7in<\/span><\/p>\n[\/gt3_custom_text][vc_empty_space height=&#8221;5px&#8221;][gt3_custom_text text_color=&#8221;#293642&#8243; font_size=&#8221;36&#8243; line_height=&#8221;110&#8243; use_theme_fonts=&#8221;&#8221; google_fonts_text=&#8221;font_family:Roboto%3A100%2C100italic%2C300%2C300italic%2Cregular%2Citalic%2C500%2C500italic%2C700%2C700italic%2C900%2C900italic|font_style:700%20bold%20regular%3A700%3Anormal&#8221;]\n<h2 style=\"text-align: center;\">Bize Ula\u015f\u0131n<\/h2>\n[\/gt3_custom_text][vc_empty_space height=&#8221;30px&#8221;][gt3_custom_text text_color=&#8221;#ac9659&#8243; font_size=&#8221;60&#8243; line_height=&#8221;110&#8243; use_theme_fonts=&#8221;&#8221; google_fonts_text=&#8221;font_family:Roboto%3A100%2C100italic%2C300%2C300italic%2Cregular%2Citalic%2C500%2C500italic%2C700%2C700italic%2C900%2C900italic|font_style:100%20light%20regular%3A100%3Anormal&#8221; responsive_font=&#8221;true&#8221; font_size_tablet=&#8221;40&#8243;]\n<p style=\"text-align: center;\"><span>0232 462 25 59<\/span><\/p>\n[\/gt3_custom_text][vc_empty_space height=&#8221;50px&#8221;][\/vc_column_inner][vc_column_inner width=&#8221;1\/6&#8243; offset=&#8221;vc_hidden-md vc_hidden-sm vc_hidden-xs&#8221;][\/vc_column_inner][\/vc_row_inner][\/vc_column][\/vc_row]\n","protected":false},"excerpt":{"rendered":"<p>[vc_row css=&#8221;.vc_custom_1484897435098{padding-top: 31px !important;padding-bottom: 84px !important;}&#8221;][vc_column css_animation=&#8221;fadeInLeft&#8221; width=&#8221;1\/2&#8243; css=&#8221;.vc_custom_1596794852584{padding-top: 0px !important;padding-right: 45px !important;}&#8221;][vc_empty_space height=&#8221;24px&#8221;][gt3_custom_text text_color=&#8221;#3f4953&#8243; font_size=&#8221;36&#8243; line_height=&#8221;160&#8243; use_theme_fonts=&#8221;&#8221; google_fonts_text=&#8221;font_family:Roboto%3A100%2C100italic%2C300%2C300italic%2Cregular%2Citalic%2C500%2C500italic%2C700%2C700italic%2C900%2C900italic|font_style:100%20light%20regular%3A100%3Anormal&#8221;] Kurumsal [\/gt3_custom_text][vc_empty_space height=&#8221;15px&#8221;][vc_column_text el_class=&#8221;justify&#8221;]Dikba\u015f Hukuk B\u00fcrosu, m\u00fcvekkillerine her alanda hukuki dan\u0131\u015fmanl\u0131k hizmeti vermektedir. M\u00fcvekkilimiz olan \u015firket, kurum ve \u015fah\u0131slar\u0131n maruz kalaca\u011f\u0131 hukuki sorunlar, uzman avukatlar\u0131m\u0131zca yap\u0131lacak bir \u00f6n inceleme neticesinde, hukuka uygun olarak gerekli i\u015flemlerin yap\u0131lmas\u0131 [&hellip;]<\/p>\n","protected":false},"author":1,"featured_media":0,"parent":0,"menu_order":0,"comment_status":"closed","ping_status":"closed","template":"","meta":{"footnotes":""},"class_list":["post-692","page","type-page","status-publish","hentry"],"_links":{"self":[{"href":"https:\/\/dikbashukuk.com\/index.php?rest_route=\/wp\/v2\/pages\/692","targetHints":{"allow":["GET"]}}],"collection":[{"href":"https:\/\/dikbashukuk.com\/index.php?rest_route=\/wp\/v2\/pages"}],"about":[{"href":"https:\/\/dikbashukuk.com\/index.php?rest_route=\/wp\/v2\/types\/page"}],"author":[{"embeddable":true,"href":"https:\/\/dikbashukuk.com\/index.php?rest_route=\/wp\/v2\/users\/1"}],"replies":[{"embeddable":true,"href":"https:\/\/dikbashukuk.com\/index.php?rest_route=%2Fwp%2Fv2%2Fcomments&post=692"}],"version-history":[{"count":37,"href":"https:\/\/dikbashukuk.com\/index.php?rest_route=\/wp\/v2\/pages\/692\/revisions"}],"predecessor-version":[{"id":1954,"href":"https:\/\/dikbashukuk.com\/index.php?rest_route=\/wp\/v2\/pages\/692\/revisions\/1954"}],"wp:attachment":[{"href":"https:\/\/dikbashukuk.com\/index.php?rest_route=%2Fwp%2Fv2%2Fmedia&parent=692"}],"curies":[{"name":"wp","href":"https:\/\/api.w.org\/{rel}","templated":true}]}}